{"id":50,"date":"2026-07-30T09:44:20","date_gmt":"2026-07-30T09:44:20","guid":{"rendered":"https:\/\/esenew.eu\/?page_id=50"},"modified":"2026-09-02T16:15:27","modified_gmt":"2026-09-02T16:15:27","slug":"a-propos","status":"publish","type":"page","link":"https:\/\/ese.lu\/en\/a-propos\/","title":{"rendered":"About us"},"content":{"rendered":"<div class=\"wp-block-cover\"><img loading=\"lazy\" decoding=\"async\" width=\"2048\" height=\"922\" class=\"wp-block-cover__image-background wp-image-147 size-full\" alt=\"\" src=\"https:\/\/ese.lu\/wp-content\/uploads\/2026\/08\/photo_groupe.jpeg\" data-object-fit=\"cover\" srcset=\"https:\/\/ese.lu\/wp-content\/uploads\/2026\/08\/photo_groupe.jpeg 2048w, https:\/\/ese.lu\/wp-content\/uploads\/2026\/08\/photo_groupe-300x135.jpeg 300w, https:\/\/ese.lu\/wp-content\/uploads\/2026\/08\/photo_groupe-1024x461.jpeg 1024w, https:\/\/ese.lu\/wp-content\/uploads\/2026\/08\/photo_groupe-768x346.jpeg 768w, https:\/\/ese.lu\/wp-content\/uploads\/2026\/08\/photo_groupe-1536x692.jpeg 1536w, https:\/\/ese.lu\/wp-content\/uploads\/2026\/08\/photo_groupe-18x8.jpeg 18w\" sizes=\"auto, (max-width: 2048px) 100vw, 2048px\" \/><span aria-hidden=\"true\" class=\"wp-block-cover__background has-theme-palette-4-background-color has-background-dim\"><\/span><div class=\"wp-block-cover__inner-container is-layout-constrained wp-block-cover-is-layout-constrained\">\n<h1 class=\"wp-block-heading has-text-align-center has-theme-palette-9-color has-text-color has-link-color has-larger-font-size wp-elements-1\">About<\/h1>\n<\/div><\/div>\n\n\n\n<p class=\"has-text-align-center has-medium-font-size wp-block-paragraph\"><strong>Understanding to act: providing keys to understanding our environment in a fun and scientific way, within an engaged community.<\/strong><\/p>\n\n\n\n<h2 class=\"wp-block-heading has-text-align-center has-text-color has-link-color has-large-font-size wp-elements-2\" style=\"color:#2b2b2b;padding-bottom:var(--wp--preset--spacing--50)\"><strong>WHO ARE WE ?<\/strong><\/h2>\n\n\n\n<p class=\"wp-block-paragraph\">Founded in October 2021, ESE (Environment and Sustainability Education) is a Luxembourgish association born from a simple conviction: we protect best what we understand. We raise awareness of environmental issues among all types of audiences through participatory workshops (murals, games, group challenges) based on recognized scientific sources, such as the reports of the <a href=\"https:\/\/www.ipcc.ch\">IPCC<\/a> and <a href=\"https:\/\/www.ipbes.net\">IPBES<\/a>.<\/p>\n\n\n\n<p class=\"wp-block-paragraph\">Our workshops are conducted in French, English, German, and Luxembourgish, in schools, businesses, municipalities, and at events open to everyone, in Luxembourg and the Greater Region. Five years after its creation, ESE has around fifty facilitators and nearly 200 members.<\/p>\n\n\n\n<h2 class=\"wp-block-heading has-text-align-center has-text-color has-link-color has-large-font-size wp-elements-3\" style=\"color:#2b2b2b;padding-bottom:var(--wp--preset--spacing--50)\"><strong>THE BOARD OF DIRECTORS<\/strong><\/h2>\n\n\n<style>.kb-row-layout-id50_523665-80 > .kt-row-column-wrap{align-content:start;}:where(.kb-row-layout-id50_523665-80 > .kt-row-column-wrap) > .wp-block-kadence-column{justify-content:start;}.kb-row-layout-id50_523665-80 > .kt-row-column-wrap{column-gap:var(--global-kb-gap-md, 2rem);row-gap:var(--global-kb-gap-md, 2rem);padding-top:var(--global-kb-spacing-sm, 1.5rem);padding-bottom:var(--global-kb-spacing-sm, 1.5rem);}.kb-row-layout-id50_523665-80 > .kt-row-column-wrap > div:not(.added-for-specificity){grid-column:initial;}.kb-row-layout-id50_523665-80 > .kt-row-column-wrap{grid-template-columns:repeat(3, minmax(0, 1fr));}.kb-row-layout-id50_523665-80 > .kt-row-layout-overlay{opacity:0.30;}@media all and (max-width: 1024px){.kb-row-layout-id50_523665-80 > .kt-row-column-wrap > div:not(.added-for-specificity){grid-column:initial;}}@media all and (max-width: 1024px){.kb-row-layout-id50_523665-80 > .kt-row-column-wrap{grid-template-columns:repeat(3, minmax(0, 1fr));}}@media all and (max-width: 767px){.kb-row-layout-id50_523665-80 > .kt-row-column-wrap > div:not(.added-for-specificity){grid-column:initial;}.kb-row-layout-id50_523665-80 > .kt-row-column-wrap{grid-template-columns:minmax(0, 1fr);}}<\/style><div class=\"kb-row-layout-wrap kb-row-layout-id50_523665-80 alignnone wp-block-kadence-rowlayout\"><div class=\"kt-row-column-wrap kt-has-3-columns kt-row-layout-equal kt-tab-layout-inherit kt-mobile-layout-row kt-row-valign-top\">\n<style>.kadence-column50_e6b3bf-7d > .kt-inside-inner-col,.kadence-column50_e6b3bf-7d > .kt-inside-inner-col:before{border-top-left-radius:0px;border-top-right-radius:0px;border-bottom-right-radius:0px;border-bottom-left-radius:0px;}.kadence-column50_e6b3bf-7d > .kt-inside-inner-col{column-gap:var(--global-kb-gap-sm, 1rem);}.kadence-column50_e6b3bf-7d > .kt-inside-inner-col{flex-direction:column;}.kadence-column50_e6b3bf-7d > .kt-inside-inner-col > .aligncenter{width:100%;}.kadence-column50_e6b3bf-7d > .kt-inside-inner-col:before{opacity:0.3;}.kadence-column50_e6b3bf-7d{position:relative;}@media all and (max-width: 1024px){.kadence-column50_e6b3bf-7d > .kt-inside-inner-col{flex-direction:column;justify-content:center;}}@media all and (max-width: 767px){.kadence-column50_e6b3bf-7d > .kt-inside-inner-col{flex-direction:column;justify-content:center;}}<\/style>\n<div class=\"wp-block-kadence-column kadence-column50_e6b3bf-7d\"><div class=\"kt-inside-inner-col\"><div class=\"wp-block-image\">\n<figure class=\"aligncenter size-full is-resized has-custom-border\"><img loading=\"lazy\" decoding=\"async\" width=\"200\" height=\"189\" src=\"http:\/\/ese.lu\/wp-content\/uploads\/2026\/08\/Frederic-Conrotte_vignette.png\" alt=\"\" class=\"wp-image-144\" style=\"border-top-left-radius:120px;border-top-right-radius:120px;border-bottom-left-radius:120px;border-bottom-right-radius:120px;object-fit:cover;width:200px;height:200px\" srcset=\"https:\/\/ese.lu\/wp-content\/uploads\/2026\/08\/Frederic-Conrotte_vignette.png 200w, https:\/\/ese.lu\/wp-content\/uploads\/2026\/08\/Frederic-Conrotte_vignette-13x12.png 13w\" sizes=\"auto, (max-width: 200px) 100vw, 200px\" \/><\/figure>\n<\/div>\n\n\n<p class=\"has-text-align-center has-theme-palette-3-color has-text-color has-link-color wp-elements-4 wp-block-paragraph\"><strong>Fr\u00e9d\u00e9ric CONROTTE, President<\/strong><\/p>\n\n\n\n<p class=\"has-text-align-center has-text-color has-link-color wp-elements-5 wp-block-paragraph\" style=\"color:#2b2b2b\"><a href=\"mailto:frederic@ese.lu\">Write to Fr\u00e9d\u00e9ric<\/a><\/p>\n\n\n\n<p class=\"has-text-align-center wp-block-paragraph\">Passionate about science and education, I am convinced that environmental education is part of the solution for a sustainable future. Through my involvement in our association, I hope to contribute to giving all generations the knowledge and critical thinking skills necessary to understand the major scientific and environmental challenges of our time.<\/p>\n<\/div><\/div>\n\n\n<style>.kadence-column50_644fc8-4e > .kt-inside-inner-col,.kadence-column50_644fc8-4e > .kt-inside-inner-col:before{border-top-left-radius:0px;border-top-right-radius:0px;border-bottom-right-radius:0px;border-bottom-left-radius:0px;}.kadence-column50_644fc8-4e > .kt-inside-inner-col{column-gap:var(--global-kb-gap-sm, 1rem);}.kadence-column50_644fc8-4e > .kt-inside-inner-col{flex-direction:column;}.kadence-column50_644fc8-4e > .kt-inside-inner-col > .aligncenter{width:100%;}.kadence-column50_644fc8-4e > .kt-inside-inner-col:before{opacity:0.3;}.kadence-column50_644fc8-4e{position:relative;}@media all and (max-width: 1024px){.kadence-column50_644fc8-4e > .kt-inside-inner-col{flex-direction:column;justify-content:center;}}@media all and (max-width: 767px){.kadence-column50_644fc8-4e > .kt-inside-inner-col{flex-direction:column;justify-content:center;}}<\/style>\n<div class=\"wp-block-kadence-column kadence-column50_644fc8-4e\"><div class=\"kt-inside-inner-col\"><div class=\"wp-block-image\">\n<figure class=\"aligncenter size-full is-resized has-custom-border\"><img loading=\"lazy\" decoding=\"async\" width=\"200\" height=\"200\" src=\"http:\/\/ese.lu\/wp-content\/uploads\/2026\/08\/Marie-Alix_Dalle_vignette.png\" alt=\"\" class=\"wp-image-146\" style=\"border-top-left-radius:120px;border-top-right-radius:120px;border-bottom-left-radius:120px;border-bottom-right-radius:120px;object-fit:cover;width:200px;height:200px\" srcset=\"https:\/\/ese.lu\/wp-content\/uploads\/2026\/08\/Marie-Alix_Dalle_vignette.png 200w, https:\/\/ese.lu\/wp-content\/uploads\/2026\/08\/Marie-Alix_Dalle_vignette-150x150.png 150w, https:\/\/ese.lu\/wp-content\/uploads\/2026\/08\/Marie-Alix_Dalle_vignette-12x12.png 12w\" sizes=\"auto, (max-width: 200px) 100vw, 200px\" \/><\/figure>\n<\/div>\n\n\n<p class=\"has-text-align-center has-theme-palette-3-color has-text-color has-link-color wp-elements-6 wp-block-paragraph\"><strong>Marie-Alix DALLE, secretary<\/strong><\/p>\n\n\n\n<p class=\"has-text-align-center has-text-color has-link-color wp-elements-7 wp-block-paragraph\" style=\"color:#2b2b2b\"><a href=\"mailto:marie.alix@ese.lu\">Write to Marie-Alix<\/a><\/p>\n\n\n\n<p class=\"has-text-align-center wp-block-paragraph\">Passionate about science, I seize every opportunity to share this enthusiasm and communicate on topics close to my heart. Through&nbsp;<a href=\"https:\/\/www.sparklab.lu\/\">SparkLab<\/a>, I create fun and hands-on workshops to help people understand the world around us.<\/p>\n<\/div><\/div>\n\n\n<style>.kadence-column50_fcebab-39 > .kt-inside-inner-col,.kadence-column50_fcebab-39 > .kt-inside-inner-col:before{border-top-left-radius:0px;border-top-right-radius:0px;border-bottom-right-radius:0px;border-bottom-left-radius:0px;}.kadence-column50_fcebab-39 > .kt-inside-inner-col{column-gap:var(--global-kb-gap-sm, 1rem);}.kadence-column50_fcebab-39 > .kt-inside-inner-col{flex-direction:column;}.kadence-column50_fcebab-39 > .kt-inside-inner-col > .aligncenter{width:100%;}.kadence-column50_fcebab-39 > .kt-inside-inner-col:before{opacity:0.3;}.kadence-column50_fcebab-39{position:relative;}@media all and (max-width: 1024px){.kadence-column50_fcebab-39 > .kt-inside-inner-col{flex-direction:column;justify-content:center;}}@media all and (max-width: 767px){.kadence-column50_fcebab-39 > .kt-inside-inner-col{flex-direction:column;justify-content:center;}}<\/style>\n<div class=\"wp-block-kadence-column kadence-column50_fcebab-39\"><div class=\"kt-inside-inner-col\"><div class=\"wp-block-image\">\n<figure class=\"aligncenter size-full is-resized has-custom-border\"><img loading=\"lazy\" decoding=\"async\" width=\"200\" height=\"219\" src=\"http:\/\/ese.lu\/wp-content\/uploads\/2026\/08\/Julien_Gannard_vignette.png\" alt=\"\" class=\"wp-image-145\" style=\"border-top-left-radius:120px;border-top-right-radius:120px;border-bottom-left-radius:120px;border-bottom-right-radius:120px;object-fit:cover;width:200px;height:200px\" srcset=\"https:\/\/ese.lu\/wp-content\/uploads\/2026\/08\/Julien_Gannard_vignette.png 200w, https:\/\/ese.lu\/wp-content\/uploads\/2026\/08\/Julien_Gannard_vignette-11x12.png 11w\" sizes=\"auto, (max-width: 200px) 100vw, 200px\" \/><\/figure>\n<\/div>\n\n\n<p class=\"has-text-align-center has-theme-palette-3-color has-text-color has-link-color wp-elements-8 wp-block-paragraph\"><strong>Julien GANNARD, treasurer<\/strong><\/p>\n\n\n\n<p class=\"has-text-align-center has-text-color has-link-color wp-elements-9 wp-block-paragraph\" style=\"color:#2b2b2b\"><a href=\"mailto:julien@ese.lu\">Write to Julien<\/a><\/p>\n\n\n\n<p class=\"has-text-align-center wp-block-paragraph\">As a founding member of the association, I contribute through my commitment to raising awareness of murals in general, and education about climate change and biodiversity loss in particular, as well as solutions to address these issues. The approach is scientific and rational, which aligns with my engineering background.<\/p>\n<\/div><\/div>\n\n<\/div><\/div>\n\n\n<h2 class=\"wp-block-heading has-text-align-center has-text-color has-link-color has-large-font-size wp-elements-10\" style=\"color:#2b2b2b;padding-bottom:var(--wp--preset--spacing--50)\"><strong>THE COMMUNITY<\/strong><\/h2>\n\n\n<div class=\"wp-block-image\">\n<figure class=\"aligncenter size-large is-resized\"><img loading=\"lazy\" decoding=\"async\" width=\"1024\" height=\"461\" src=\"http:\/\/ese.lu\/wp-content\/uploads\/2026\/08\/photo_groupe-1024x461.jpeg\" alt=\"\" class=\"wp-image-147\" style=\"aspect-ratio:2.2212689520956626;width:1038px;height:auto\" srcset=\"https:\/\/ese.lu\/wp-content\/uploads\/2026\/08\/photo_groupe-1024x461.jpeg 1024w, https:\/\/ese.lu\/wp-content\/uploads\/2026\/08\/photo_groupe-300x135.jpeg 300w, https:\/\/ese.lu\/wp-content\/uploads\/2026\/08\/photo_groupe-768x346.jpeg 768w, https:\/\/ese.lu\/wp-content\/uploads\/2026\/08\/photo_groupe-1536x692.jpeg 1536w, https:\/\/ese.lu\/wp-content\/uploads\/2026\/08\/photo_groupe-18x8.jpeg 18w, https:\/\/ese.lu\/wp-content\/uploads\/2026\/08\/photo_groupe.jpeg 2048w\" sizes=\"auto, (max-width: 1024px) 100vw, 1024px\" \/><\/figure>\n<\/div>\n\n\n<p class=\"wp-block-paragraph\">Facilitators, volunteers, curious minds: ESE brings together people who want to understand and take action, in Luxembourg and the Greater Region. We meet for training sessions, workshops, and gatherings (serious or otherwise).<\/p>\n\n\n<style>.kadence-column50_f2fa60-e0 > .kt-inside-inner-col{display:flex;}.kadence-column50_f2fa60-e0 > .kt-inside-inner-col{padding-bottom:var(--global-kb-spacing-xl, 4rem);}.kadence-column50_f2fa60-e0 > .kt-inside-inner-col,.kadence-column50_f2fa60-e0 > .kt-inside-inner-col:before{border-top-left-radius:0px;border-top-right-radius:0px;border-bottom-right-radius:0px;border-bottom-left-radius:0px;}.kadence-column50_f2fa60-e0 > .kt-inside-inner-col{column-gap:var(--global-kb-gap-sm, 1rem);}.kadence-column50_f2fa60-e0 > .kt-inside-inner-col{flex-direction:column;align-items:center;}.kadence-column50_f2fa60-e0 > .kt-inside-inner-col > .kb-image-is-ratio-size{align-self:stretch;}.kadence-column50_f2fa60-e0 > .kt-inside-inner-col > .wp-block-kadence-advancedgallery{align-self:stretch;}.kadence-column50_f2fa60-e0 > .kt-inside-inner-col > .aligncenter{width:100%;}.kadence-column50_f2fa60-e0 > .kt-inside-inner-col:before{opacity:0.3;}.kadence-column50_f2fa60-e0{position:relative;}@media all and (max-width: 1024px){.kadence-column50_f2fa60-e0 > .kt-inside-inner-col{flex-direction:column;justify-content:center;align-items:center;}}@media all and (max-width: 767px){.kadence-column50_f2fa60-e0 > .kt-inside-inner-col{flex-direction:column;justify-content:center;align-items:center;}}<\/style>\n<div class=\"wp-block-kadence-column kadence-column50_f2fa60-e0\"><div class=\"kt-inside-inner-col\">\n<div class=\"wp-block-buttons is-content-justification-center is-layout-flex wp-container-core-buttons-is-layout-fe48e5de wp-block-buttons-is-layout-flex\">\n<div class=\"wp-block-button\"><a class=\"wp-block-button__link has-theme-palette-3-background-color has-background wp-element-button\" href=\"https:\/\/ese.lu\/en\/formulaire-nous-rejoindre\/\">Join the community<\/a><\/div>\n<\/div>\n<\/div><\/div>\n\n\n\n<h2 class=\"wp-block-heading has-text-align-center has-text-color has-link-color has-large-font-size wp-elements-11\" style=\"color:#2b2b2b;padding-bottom:var(--wp--preset--spacing--50)\"><strong>THEY SUPPORT US<\/strong><\/h2>\n\n\n<style>.kb-row-layout-id50_90b48d-5a > .kt-row-column-wrap{align-content:start;}:where(.kb-row-layout-id50_90b48d-5a > .kt-row-column-wrap) > .wp-block-kadence-column{justify-content:start;}.kb-row-layout-id50_90b48d-5a > .kt-row-column-wrap{column-gap:var(--global-kb-gap-md, 2rem);row-gap:var(--global-kb-gap-md, 2rem);padding-top:var(--global-kb-spacing-sm, 1.5rem);padding-bottom:var(--global-kb-spacing-md, 2rem);grid-template-columns:repeat(2, minmax(0, 1fr));}.kb-row-layout-id50_90b48d-5a > .kt-row-layout-overlay{opacity:0.30;}@media all and (max-width: 1024px){.kb-row-layout-id50_90b48d-5a > .kt-row-column-wrap{grid-template-columns:repeat(2, minmax(0, 1fr));}}@media all and (max-width: 767px){.kb-row-layout-id50_90b48d-5a > .kt-row-column-wrap{grid-template-columns:minmax(0, 1fr);}}<\/style><div class=\"kb-row-layout-wrap kb-row-layout-id50_90b48d-5a alignnone wp-block-kadence-rowlayout\"><div class=\"kt-row-column-wrap kt-has-2-columns kt-row-layout-equal kt-tab-layout-inherit kt-mobile-layout-row kt-row-valign-top\">\n<style>.kadence-column50_5bd9f8-2f > .kt-inside-inner-col,.kadence-column50_5bd9f8-2f > .kt-inside-inner-col:before{border-top-left-radius:0px;border-top-right-radius:0px;border-bottom-right-radius:0px;border-bottom-left-radius:0px;}.kadence-column50_5bd9f8-2f > .kt-inside-inner-col{column-gap:var(--global-kb-gap-sm, 1rem);}.kadence-column50_5bd9f8-2f > .kt-inside-inner-col{flex-direction:column;}.kadence-column50_5bd9f8-2f > .kt-inside-inner-col > .aligncenter{width:100%;}.kadence-column50_5bd9f8-2f > .kt-inside-inner-col:before{opacity:0.3;}.kadence-column50_5bd9f8-2f{position:relative;}@media all and (max-width: 1024px){.kadence-column50_5bd9f8-2f > .kt-inside-inner-col{flex-direction:column;justify-content:center;}}@media all and (max-width: 767px){.kadence-column50_5bd9f8-2f > .kt-inside-inner-col{flex-direction:column;justify-content:center;}}<\/style>\n<div class=\"wp-block-kadence-column kadence-column50_5bd9f8-2f\"><div class=\"kt-inside-inner-col\"><div class=\"wp-block-image\">\n<figure class=\"aligncenter size-large is-resized\"><img decoding=\"async\" src=\"https:\/\/www.loschfondation.lu\/wp-content\/uploads\/2021\/06\/logo-alf2.png\" alt=\"\" style=\"aspect-ratio:3.3109792502972746;width:242px;height:auto\"\/><\/figure>\n<\/div><\/div><\/div>\n\n\n<style>.kadence-column50_03991f-fe > .kt-inside-inner-col,.kadence-column50_03991f-fe > .kt-inside-inner-col:before{border-top-left-radius:0px;border-top-right-radius:0px;border-bottom-right-radius:0px;border-bottom-left-radius:0px;}.kadence-column50_03991f-fe > .kt-inside-inner-col{column-gap:var(--global-kb-gap-sm, 1rem);}.kadence-column50_03991f-fe > .kt-inside-inner-col{flex-direction:column;}.kadence-column50_03991f-fe > .kt-inside-inner-col > .aligncenter{width:100%;}.kadence-column50_03991f-fe > .kt-inside-inner-col:before{opacity:0.3;}.kadence-column50_03991f-fe{position:relative;}@media all and (max-width: 1024px){.kadence-column50_03991f-fe > .kt-inside-inner-col{flex-direction:column;justify-content:center;}}@media all and (max-width: 767px){.kadence-column50_03991f-fe > .kt-inside-inner-col{flex-direction:column;justify-content:center;}}<\/style>\n<div class=\"wp-block-kadence-column kadence-column50_03991f-fe\"><div class=\"kt-inside-inner-col\"><div class=\"wp-block-image\">\n<figure class=\"aligncenter size-large is-resized\" style=\"margin-top:0;margin-bottom:0\"><img decoding=\"async\" src=\"https:\/\/www.fnr.lu\/wp-content\/uploads\/2023\/07\/FNR_LOGO.png\" alt=\"\" style=\"aspect-ratio:5.957362739121878;width:377px;height:auto\"\/><\/figure>\n<\/div><\/div><\/div>\n\n<\/div><\/div>\n\n\n<h2 class=\"wp-block-heading has-text-align-center has-text-color has-link-color has-large-font-size wp-elements-12\" style=\"color:#2b2b2b\"><strong>DOCUMENTS<\/strong><\/h2>\n\n\n\n<div class=\"wp-block-buttons is-content-justification-center is-layout-flex wp-container-core-buttons-is-layout-fe48e5de wp-block-buttons-is-layout-flex\">\n<div class=\"wp-block-button\"><a class=\"wp-block-button__link has-theme-palette-3-background-color has-background wp-element-button\" href=\"https:\/\/ese.lu\/wp-content\/uploads\/2026\/08\/ESE-Flyer-EN.pdf\">Our brochure<\/a><\/div>\n\n\n\n<div class=\"wp-block-button\"><a class=\"wp-block-button__link has-theme-palette-3-background-color has-background wp-element-button\" href=\"https:\/\/ese.lu\/wp-content\/uploads\/2026\/08\/ESE_statuts_v2026.pdf\">ASBL statutes<\/a><\/div>\n\n\n\n<div class=\"wp-block-button\"><a class=\"wp-block-button__link has-theme-palette-3-background-color has-background wp-element-button\" href=\"https:\/\/ese.lu\/wp-content\/uploads\/2026\/08\/Rapport-activite-ESE-2025.pdf\">2025 Activity Report<\/a><\/div>\n\n\n\n<div class=\"wp-block-button\"><a class=\"wp-block-button__link has-theme-palette-3-background-color has-background wp-element-button\" href=\"https:\/\/ese.lu\/wp-content\/uploads\/2026\/08\/Rapport-activites-2024.pdf\">2024 Activity Report<\/a><\/div>\n\n\n\n<div class=\"wp-block-button\"><a class=\"wp-block-button__link has-theme-palette-3-background-color has-background wp-element-button\" href=\"https:\/\/ese.lu\/wp-content\/uploads\/2026\/08\/Rapport-activites-2023.pdf\">2023 Activity Report<\/a><\/div>\n<\/div>","protected":false},"excerpt":{"rendered":"<p>Comprendre pour agir : donner des cl\u00e9s de compr\u00e9hension de notre environnement de fa\u00e7on ludique et scientifique, au sein d&rsquo;une communaut\u00e9 engag\u00e9e. QUI SOMMES-NOUS ? Cr\u00e9\u00e9e en octobre 2021, ESE (Environment and Sustainability Education) est une association luxembourgeoise n\u00e9e d&rsquo;une conviction simple : on prot\u00e8ge mieux ce qu&rsquo;on comprend. Nous sensibilisons tout type de public&#8230;<\/p>","protected":false},"author":1,"featured_media":0,"parent":0,"menu_order":0,"comment_status":"closed","ping_status":"closed","template":"","meta":{"_kadence_starter_templates_imported_post":false,"_swpsp_post_exclude":false,"_kad_post_transparent":"disable","_kad_post_title":"hide","_kad_post_layout":"","_kad_post_sidebar_id":"","_kad_post_content_style":"","_kad_post_vertical_padding":"hide","_kad_post_feature":"hide","_kad_post_feature_position":"","_kad_post_header":false,"_kad_post_footer":false,"_kad_post_classname":"","footnotes":""},"class_list":["post-50","page","type-page","status-publish","hentry"],"yoast_head":"<!-- This site is optimized with the Yoast SEO plugin v28.4 - https:\/\/yoast.com\/product\/yoast-seo-wordpress\/ -->\n<title>A propos - Environment and Sustainability Education Luxembourg<\/title>\n<meta name=\"robots\" content=\"index, follow, max-snippet:-1, max-image-preview:large, max-video-preview:-1\" \/>\n<link rel=\"canonical\" href=\"https:\/\/ese.lu\/en\/a-propos\/\" \/>\n<meta property=\"og:locale\" content=\"en_GB\" \/>\n<meta property=\"og:type\" content=\"article\" \/>\n<meta property=\"og:title\" content=\"A propos - Environment and Sustainability Education Luxembourg\" \/>\n<meta property=\"og:description\" content=\"Comprendre pour agir : donner des cl\u00e9s de compr\u00e9hension de notre environnement de fa\u00e7on ludique et scientifique, au sein d&rsquo;une communaut\u00e9 engag\u00e9e. QUI SOMMES-NOUS ? Cr\u00e9\u00e9e en octobre 2021, ESE (Environment and Sustainability Education) est une association luxembourgeoise n\u00e9e d&rsquo;une conviction simple : on prot\u00e8ge mieux ce qu&rsquo;on comprend. Nous sensibilisons tout type de public...\" \/>\n<meta property=\"og:url\" content=\"https:\/\/ese.lu\/en\/a-propos\/\" \/>\n<meta property=\"og:site_name\" content=\"Environment and Sustainability Education Luxembourg\" \/>\n<meta property=\"article:publisher\" content=\"https:\/\/www.facebook.com\/eseluxembourg\" \/>\n<meta property=\"article:modified_time\" content=\"2026-09-02T16:15:27+00:00\" \/>\n<meta property=\"og:image\" content=\"https:\/\/ese.lu\/wp-content\/uploads\/2026\/08\/photo_groupe.jpeg\" \/>\n\t<meta property=\"og:image:width\" content=\"2048\" \/>\n\t<meta property=\"og:image:height\" content=\"922\" \/>\n\t<meta property=\"og:image:type\" content=\"image\/jpeg\" \/>\n<meta name=\"twitter:card\" content=\"summary_large_image\" \/>\n<meta name=\"twitter:label1\" content=\"Estimated reading time\" \/>\n\t<meta name=\"twitter:data1\" content=\"4 minutes\" \/>\n<script type=\"application\/ld+json\" class=\"yoast-schema-graph\">{\"@context\":\"https:\\\/\\\/schema.org\",\"@graph\":[{\"@type\":\"WebPage\",\"@id\":\"https:\\\/\\\/ese.lu\\\/a-propos\\\/\",\"url\":\"https:\\\/\\\/ese.lu\\\/a-propos\\\/\",\"name\":\"A propos - Environment and Sustainability Education Luxembourg\",\"isPartOf\":{\"@id\":\"https:\\\/\\\/ese.lu\\\/#website\"},\"primaryImageOfPage\":{\"@id\":\"https:\\\/\\\/ese.lu\\\/a-propos\\\/#primaryimage\"},\"image\":{\"@id\":\"https:\\\/\\\/ese.lu\\\/a-propos\\\/#primaryimage\"},\"thumbnailUrl\":\"https:\\\/\\\/ese.lu\\\/wp-content\\\/uploads\\\/2026\\\/08\\\/photo_groupe.jpeg\",\"datePublished\":\"2026-07-30T09:44:20+00:00\",\"dateModified\":\"2026-09-02T16:15:27+00:00\",\"breadcrumb\":{\"@id\":\"https:\\\/\\\/ese.lu\\\/a-propos\\\/#breadcrumb\"},\"inLanguage\":\"en-GB\",\"potentialAction\":[{\"@type\":\"ReadAction\",\"target\":[\"https:\\\/\\\/ese.lu\\\/a-propos\\\/\"]}]},{\"@type\":\"ImageObject\",\"inLanguage\":\"en-GB\",\"@id\":\"https:\\\/\\\/ese.lu\\\/a-propos\\\/#primaryimage\",\"url\":\"https:\\\/\\\/ese.lu\\\/wp-content\\\/uploads\\\/2026\\\/08\\\/photo_groupe.jpeg\",\"contentUrl\":\"https:\\\/\\\/ese.lu\\\/wp-content\\\/uploads\\\/2026\\\/08\\\/photo_groupe.jpeg\"},{\"@type\":\"BreadcrumbList\",\"@id\":\"https:\\\/\\\/ese.lu\\\/a-propos\\\/#breadcrumb\",\"itemListElement\":[{\"@type\":\"ListItem\",\"position\":1,\"name\":\"Accueil\",\"item\":\"https:\\\/\\\/ese.lu\\\/\"},{\"@type\":\"ListItem\",\"position\":2,\"name\":\"A propos\"}]},{\"@type\":\"WebSite\",\"@id\":\"https:\\\/\\\/ese.lu\\\/#website\",\"url\":\"https:\\\/\\\/ese.lu\\\/\",\"name\":\"Environment and Sustainability Education Luxembourg\",\"description\":\"Comprendre pour agir pour l&#039;environnement\",\"publisher\":{\"@id\":\"https:\\\/\\\/ese.lu\\\/#organization\"},\"potentialAction\":[{\"@type\":\"SearchAction\",\"target\":{\"@type\":\"EntryPoint\",\"urlTemplate\":\"https:\\\/\\\/ese.lu\\\/?s={search_term_string}\"},\"query-input\":{\"@type\":\"PropertyValueSpecification\",\"valueRequired\":true,\"valueName\":\"search_term_string\"}}],\"inLanguage\":\"en-GB\"},{\"@type\":\"Organization\",\"@id\":\"https:\\\/\\\/ese.lu\\\/#organization\",\"name\":\"Environment and Sustainability Education Luxembourg\",\"url\":\"https:\\\/\\\/ese.lu\\\/\",\"logo\":{\"@type\":\"ImageObject\",\"inLanguage\":\"en-GB\",\"@id\":\"https:\\\/\\\/ese.lu\\\/#\\\/schema\\\/logo\\\/image\\\/\",\"url\":\"https:\\\/\\\/ese.lu\\\/wp-content\\\/uploads\\\/2026\\\/07\\\/cropped-ESE-Luxembourg-LOGO_new_SL-02-scaled-1.png\",\"contentUrl\":\"https:\\\/\\\/ese.lu\\\/wp-content\\\/uploads\\\/2026\\\/07\\\/cropped-ESE-Luxembourg-LOGO_new_SL-02-scaled-1.png\",\"width\":512,\"height\":512,\"caption\":\"Environment and Sustainability Education Luxembourg\"},\"image\":{\"@id\":\"https:\\\/\\\/ese.lu\\\/#\\\/schema\\\/logo\\\/image\\\/\"},\"sameAs\":[\"https:\\\/\\\/www.facebook.com\\\/eseluxembourg\",\"https:\\\/\\\/www.linkedin.com\\\/company\\\/eselu\",\"https:\\\/\\\/www.instagram.com\\\/eseluxembourg\\\/\"]}]}<\/script>\n<!-- \/ Yoast SEO plugin. -->","yoast_head_json":{"title":"A propos - Environment and Sustainability Education Luxembourg","robots":{"index":"index","follow":"follow","max-snippet":"max-snippet:-1","max-image-preview":"max-image-preview:large","max-video-preview":"max-video-preview:-1"},"canonical":"https:\/\/ese.lu\/en\/a-propos\/","og_locale":"en_GB","og_type":"article","og_title":"A propos - Environment and Sustainability Education Luxembourg","og_description":"Comprendre pour agir : donner des cl\u00e9s de compr\u00e9hension de notre environnement de fa\u00e7on ludique et scientifique, au sein d&rsquo;une communaut\u00e9 engag\u00e9e. QUI SOMMES-NOUS ? Cr\u00e9\u00e9e en octobre 2021, ESE (Environment and Sustainability Education) est une association luxembourgeoise n\u00e9e d&rsquo;une conviction simple : on prot\u00e8ge mieux ce qu&rsquo;on comprend. Nous sensibilisons tout type de public...","og_url":"https:\/\/ese.lu\/en\/a-propos\/","og_site_name":"Environment and Sustainability Education Luxembourg","article_publisher":"https:\/\/www.facebook.com\/eseluxembourg","article_modified_time":"2026-09-02T16:15:27+00:00","og_image":[{"width":2048,"height":922,"url":"https:\/\/ese.lu\/wp-content\/uploads\/2026\/08\/photo_groupe.jpeg","type":"image\/jpeg"}],"twitter_card":"summary_large_image","twitter_misc":{"Estimated reading time":"4 minutes"},"schema":{"@context":"https:\/\/schema.org","@graph":[{"@type":"WebPage","@id":"https:\/\/ese.lu\/a-propos\/","url":"https:\/\/ese.lu\/a-propos\/","name":"A propos - Environment and Sustainability Education Luxembourg","isPartOf":{"@id":"https:\/\/ese.lu\/#website"},"primaryImageOfPage":{"@id":"https:\/\/ese.lu\/a-propos\/#primaryimage"},"image":{"@id":"https:\/\/ese.lu\/a-propos\/#primaryimage"},"thumbnailUrl":"https:\/\/ese.lu\/wp-content\/uploads\/2026\/08\/photo_groupe.jpeg","datePublished":"2026-07-30T09:44:20+00:00","dateModified":"2026-09-02T16:15:27+00:00","breadcrumb":{"@id":"https:\/\/ese.lu\/a-propos\/#breadcrumb"},"inLanguage":"en-GB","potentialAction":[{"@type":"ReadAction","target":["https:\/\/ese.lu\/a-propos\/"]}]},{"@type":"ImageObject","inLanguage":"en-GB","@id":"https:\/\/ese.lu\/a-propos\/#primaryimage","url":"https:\/\/ese.lu\/wp-content\/uploads\/2026\/08\/photo_groupe.jpeg","contentUrl":"https:\/\/ese.lu\/wp-content\/uploads\/2026\/08\/photo_groupe.jpeg"},{"@type":"BreadcrumbList","@id":"https:\/\/ese.lu\/a-propos\/#breadcrumb","itemListElement":[{"@type":"ListItem","position":1,"name":"Accueil","item":"https:\/\/ese.lu\/"},{"@type":"ListItem","position":2,"name":"A propos"}]},{"@type":"WebSite","@id":"https:\/\/ese.lu\/#website","url":"https:\/\/ese.lu\/","name":"Environment and Sustainability Education Luxembourg","description":"Understanding in order to act for the environment","publisher":{"@id":"https:\/\/ese.lu\/#organization"},"potentialAction":[{"@type":"SearchAction","target":{"@type":"EntryPoint","urlTemplate":"https:\/\/ese.lu\/?s={search_term_string}"},"query-input":{"@type":"PropertyValueSpecification","valueRequired":true,"valueName":"search_term_string"}}],"inLanguage":"en-GB"},{"@type":"Organization","@id":"https:\/\/ese.lu\/#organization","name":"Environment and Sustainability Education Luxembourg","url":"https:\/\/ese.lu\/","logo":{"@type":"ImageObject","inLanguage":"en-GB","@id":"https:\/\/ese.lu\/#\/schema\/logo\/image\/","url":"https:\/\/ese.lu\/wp-content\/uploads\/2026\/07\/cropped-ESE-Luxembourg-LOGO_new_SL-02-scaled-1.png","contentUrl":"https:\/\/ese.lu\/wp-content\/uploads\/2026\/07\/cropped-ESE-Luxembourg-LOGO_new_SL-02-scaled-1.png","width":512,"height":512,"caption":"Environment and Sustainability Education Luxembourg"},"image":{"@id":"https:\/\/ese.lu\/#\/schema\/logo\/image\/"},"sameAs":["https:\/\/www.facebook.com\/eseluxembourg","https:\/\/www.linkedin.com\/company\/eselu","https:\/\/www.instagram.com\/eseluxembourg\/"]}]}},"_links":{"self":[{"href":"https:\/\/ese.lu\/en\/wp-json\/wp\/v2\/pages\/50","targetHints":{"allow":["GET"]}}],"collection":[{"href":"https:\/\/ese.lu\/en\/wp-json\/wp\/v2\/pages"}],"about":[{"href":"https:\/\/ese.lu\/en\/wp-json\/wp\/v2\/types\/page"}],"author":[{"embeddable":true,"href":"https:\/\/ese.lu\/en\/wp-json\/wp\/v2\/users\/1"}],"replies":[{"embeddable":true,"href":"https:\/\/ese.lu\/en\/wp-json\/wp\/v2\/comments?post=50"}],"version-history":[{"count":38,"href":"https:\/\/ese.lu\/en\/wp-json\/wp\/v2\/pages\/50\/revisions"}],"predecessor-version":[{"id":844,"href":"https:\/\/ese.lu\/en\/wp-json\/wp\/v2\/pages\/50\/revisions\/844"}],"wp:attachment":[{"href":"https:\/\/ese.lu\/en\/wp-json\/wp\/v2\/media?parent=50"}],"curies":[{"name":"wp","href":"https:\/\/api.w.org\/{rel}","templated":true}]}}