{"id":603,"date":"2026-08-26T14:27:39","date_gmt":"2026-08-26T14:27:39","guid":{"rendered":"https:\/\/esenew.eu\/?post_type=atelier&#038;p=603"},"modified":"2026-08-31T13:15:46","modified_gmt":"2026-08-31T13:15:46","slug":"conference-sur-lenergie","status":"publish","type":"atelier","link":"https:\/\/ese.lu\/en\/atelier\/conference-sur-lenergie\/","title":{"rendered":"Energy Conference"},"content":{"rendered":"<figure class=\"wp-block-image size-full is-resized\"><img loading=\"lazy\" decoding=\"async\" width=\"896\" height=\"724\" src=\"https:\/\/ese.lu\/wp-content\/uploads\/2026\/08\/Minimalist-StormWater-Challenge-Banner-13-edited.png\" alt=\"\" class=\"wp-image-605\" style=\"aspect-ratio:1.2375366568914956;width:151px;height:auto\" srcset=\"https:\/\/ese.lu\/wp-content\/uploads\/2026\/08\/Minimalist-StormWater-Challenge-Banner-13-edited.png 896w, https:\/\/ese.lu\/wp-content\/uploads\/2026\/08\/Minimalist-StormWater-Challenge-Banner-13-edited-300x242.png 300w, https:\/\/ese.lu\/wp-content\/uploads\/2026\/08\/Minimalist-StormWater-Challenge-Banner-13-edited-768x621.png 768w, https:\/\/ese.lu\/wp-content\/uploads\/2026\/08\/Minimalist-StormWater-Challenge-Banner-13-edited-15x12.png 15w\" sizes=\"auto, (max-width: 896px) 100vw, 896px\" \/><\/figure>\n\n\n<style>.kb-row-layout-id603_9d105f-66 > .kt-row-column-wrap{align-content:start;}:where(.kb-row-layout-id603_9d105f-66 > .kt-row-column-wrap) > .wp-block-kadence-column{justify-content:start;}.kb-row-layout-id603_9d105f-66 > .kt-row-column-wrap{column-gap:var(--global-kb-gap-md, 2rem);row-gap:var(--global-kb-gap-md, 2rem);padding-top:var(--global-kb-spacing-sm, 1.5rem);padding-bottom:var(--global-kb-spacing-sm, 1.5rem);}.kb-row-layout-id603_9d105f-66 > .kt-row-column-wrap > div:not(.added-for-specificity){grid-column:initial;}.kb-row-layout-id603_9d105f-66 > .kt-row-column-wrap{grid-template-columns:repeat(4, minmax(0, 1fr));}.kb-row-layout-id603_9d105f-66 > .kt-row-layout-overlay{opacity:0.30;}@media all and (max-width: 1024px){.kb-row-layout-id603_9d105f-66 > .kt-row-column-wrap > div:not(.added-for-specificity){grid-column:initial;}}@media all and (max-width: 1024px){.kb-row-layout-id603_9d105f-66 > .kt-row-column-wrap{grid-template-columns:repeat(4, minmax(0, 1fr));}}@media all and (max-width: 767px){.kb-row-layout-id603_9d105f-66 > .kt-row-column-wrap > div:not(.added-for-specificity){grid-column:initial;}.kb-row-layout-id603_9d105f-66 > .kt-row-column-wrap{grid-template-columns:minmax(0, 1fr);}}<\/style><div class=\"kb-row-layout-wrap kb-row-layout-id603_9d105f-66 alignnone wp-block-kadence-rowlayout\"><div class=\"kt-row-column-wrap kt-has-4-columns kt-row-layout-equal kt-tab-layout-inherit kt-mobile-layout-row kt-row-valign-top\">\n<style>.kadence-column603_d8aa43-4a > .kt-inside-inner-col,.kadence-column603_d8aa43-4a > .kt-inside-inner-col:before{border-top-left-radius:0px;border-top-right-radius:0px;border-bottom-right-radius:0px;border-bottom-left-radius:0px;}.kadence-column603_d8aa43-4a > .kt-inside-inner-col{column-gap:var(--global-kb-gap-sm, 1rem);}.kadence-column603_d8aa43-4a > .kt-inside-inner-col{flex-direction:column;}.kadence-column603_d8aa43-4a > .kt-inside-inner-col > .aligncenter{width:100%;}.kadence-column603_d8aa43-4a > .kt-inside-inner-col:before{opacity:0.3;}.kadence-column603_d8aa43-4a{position:relative;}@media all and (max-width: 1024px){.kadence-column603_d8aa43-4a > .kt-inside-inner-col{flex-direction:column;justify-content:center;}}@media all and (max-width: 767px){.kadence-column603_d8aa43-4a > .kt-inside-inner-col{flex-direction:column;justify-content:center;}}<\/style>\n<div class=\"wp-block-kadence-column kadence-column603_d8aa43-4a\"><div class=\"kt-inside-inner-col\">\n<p class=\"has-text-align-center has-theme-palette-10-background-color has-background wp-block-paragraph\" style=\"border-top-left-radius:8px;border-top-right-radius:8px;border-bottom-left-radius:8px;border-bottom-right-radius:8px\"><strong>Duration<\/strong><br>1h<\/p>\n\n\n\n<p class=\"wp-block-paragraph\"><\/p>\n<\/div><\/div>\n\n\n<style>.kadence-column603_257243-68 > .kt-inside-inner-col,.kadence-column603_257243-68 > .kt-inside-inner-col:before{border-top-left-radius:0px;border-top-right-radius:0px;border-bottom-right-radius:0px;border-bottom-left-radius:0px;}.kadence-column603_257243-68 > .kt-inside-inner-col{column-gap:var(--global-kb-gap-sm, 1rem);}.kadence-column603_257243-68 > .kt-inside-inner-col{flex-direction:column;}.kadence-column603_257243-68 > .kt-inside-inner-col > .aligncenter{width:100%;}.kadence-column603_257243-68 > .kt-inside-inner-col:before{opacity:0.3;}.kadence-column603_257243-68{position:relative;}@media all and (max-width: 1024px){.kadence-column603_257243-68 > .kt-inside-inner-col{flex-direction:column;justify-content:center;}}@media all and (max-width: 767px){.kadence-column603_257243-68 > .kt-inside-inner-col{flex-direction:column;justify-content:center;}}<\/style>\n<div class=\"wp-block-kadence-column kadence-column603_257243-68\"><div class=\"kt-inside-inner-col\">\n<p class=\"has-text-align-center has-theme-palette-4-color has-theme-palette-10-background-color has-text-color has-background has-link-color wp-elements-1 wp-block-paragraph\" style=\"border-top-left-radius:8px;border-top-right-radius:8px;border-bottom-left-radius:8px;border-bottom-right-radius:8px\"><strong>Participants<\/strong><br>No minimum<\/p>\n<\/div><\/div>\n\n\n<style>.kadence-column603_0349a0-07 > .kt-inside-inner-col,.kadence-column603_0349a0-07 > .kt-inside-inner-col:before{border-top-left-radius:0px;border-top-right-radius:0px;border-bottom-right-radius:0px;border-bottom-left-radius:0px;}.kadence-column603_0349a0-07 > .kt-inside-inner-col{column-gap:var(--global-kb-gap-sm, 1rem);}.kadence-column603_0349a0-07 > .kt-inside-inner-col{flex-direction:column;}.kadence-column603_0349a0-07 > .kt-inside-inner-col > .aligncenter{width:100%;}.kadence-column603_0349a0-07 > .kt-inside-inner-col:before{opacity:0.3;}.kadence-column603_0349a0-07{position:relative;}@media all and (max-width: 1024px){.kadence-column603_0349a0-07 > .kt-inside-inner-col{flex-direction:column;justify-content:center;}}@media all and (max-width: 767px){.kadence-column603_0349a0-07 > .kt-inside-inner-col{flex-direction:column;justify-content:center;}}<\/style>\n<div class=\"wp-block-kadence-column kadence-column603_0349a0-07\"><div class=\"kt-inside-inner-col\">\n<p class=\"has-text-align-center has-theme-palette-10-background-color has-background wp-block-paragraph\" style=\"border-top-left-radius:8px;border-top-right-radius:8px;border-bottom-left-radius:8px;border-bottom-right-radius:8px\"><strong>Audience<\/strong><br>Suitable for all audiences<\/p>\n<\/div><\/div>\n\n\n<style>.kadence-column603_aecb78-18 > .kt-inside-inner-col,.kadence-column603_aecb78-18 > .kt-inside-inner-col:before{border-top-left-radius:0px;border-top-right-radius:0px;border-bottom-right-radius:0px;border-bottom-left-radius:0px;}.kadence-column603_aecb78-18 > .kt-inside-inner-col{column-gap:var(--global-kb-gap-sm, 1rem);}.kadence-column603_aecb78-18 > .kt-inside-inner-col{flex-direction:column;}.kadence-column603_aecb78-18 > .kt-inside-inner-col > .aligncenter{width:100%;}.kadence-column603_aecb78-18 > .kt-inside-inner-col:before{opacity:0.3;}.kadence-column603_aecb78-18{position:relative;}@media all and (max-width: 1024px){.kadence-column603_aecb78-18 > .kt-inside-inner-col{flex-direction:column;justify-content:center;}}@media all and (max-width: 767px){.kadence-column603_aecb78-18 > .kt-inside-inner-col{flex-direction:column;justify-content:center;}}<\/style>\n<div class=\"wp-block-kadence-column kadence-column603_aecb78-18\"><div class=\"kt-inside-inner-col\">\n<p class=\"has-text-align-center has-theme-palette-10-background-color has-background wp-block-paragraph\" style=\"border-top-left-radius:8px;border-top-right-radius:8px;border-bottom-left-radius:8px;border-bottom-right-radius:8px\"><strong>LANGUAGES<\/strong><br>FR, EN<\/p>\n<\/div><\/div>\n\n<\/div><\/div>\n\n\n<p class=\"wp-block-paragraph\"><strong>Conf\u00e9rence d&rsquo;une heure sur les enjeux \u00e9nergie-climat<\/strong><br><br>Plusieurs limites plan\u00e9taires d\u00e9j\u00e0 d\u00e9pass\u00e9es pr\u00e9sagent des crises futures, dont celles que nous vivons actuellement ne sont que des avant-go\u00fbt. Crises \u00e9conomiques, sanitaires, \u00e9cologiques, migratoires, alimentaires\u2026 Toutes ont un point commun: leur d\u00e9pendance \u00e0 l\u2019\u00e9nergie, aux ressources plan\u00e9taires et aux lois de la physique, que nos mod\u00e8les \u00e9conomiques n\u2019int\u00e8grent pas, alors que l\u2019\u00e9nergie se trouve partout, dans chacune de nos actions (sant\u00e9, d\u00e9placement, habit, profession, objet\u2026), et est de plus en plus pr\u00e9gnante avec l\u2019av\u00e8nement du num\u00e9rique.<\/p>\n\n\n<style>.kb-row-layout-id603_a39290-f9 > .kt-row-column-wrap{align-content:start;}:where(.kb-row-layout-id603_a39290-f9 > .kt-row-column-wrap) > .wp-block-kadence-column{justify-content:start;}.kb-row-layout-id603_a39290-f9 > .kt-row-column-wrap{column-gap:var(--global-kb-gap-md, 2rem);row-gap:var(--global-kb-gap-md, 2rem);padding-top:var(--global-kb-spacing-sm, 1.5rem);padding-bottom:var(--global-kb-spacing-sm, 1.5rem);grid-template-columns:minmax(0, 1fr);}.kb-row-layout-id603_a39290-f9 > .kt-row-layout-overlay{opacity:0.30;}@media all and (max-width: 1024px){.kb-row-layout-id603_a39290-f9 > .kt-row-column-wrap{grid-template-columns:minmax(0, 1fr);}}@media all and (max-width: 767px){.kb-row-layout-id603_a39290-f9 > .kt-row-column-wrap{grid-template-columns:minmax(0, 1fr);}}<\/style><div class=\"kb-row-layout-wrap kb-row-layout-id603_a39290-f9 alignnone wp-block-kadence-rowlayout\"><div class=\"kt-row-column-wrap kt-has-1-columns kt-row-layout-equal kt-tab-layout-inherit kt-mobile-layout-row kt-row-valign-top\">\n<style>.kadence-column603_162d15-0b > .kt-inside-inner-col{padding-top:16px;padding-bottom:16px;}.kadence-column603_162d15-0b > .kt-inside-inner-col,.kadence-column603_162d15-0b > .kt-inside-inner-col:before{border-top-left-radius:0px;border-top-right-radius:0px;border-bottom-right-radius:0px;border-bottom-left-radius:0px;}.kadence-column603_162d15-0b > .kt-inside-inner-col{column-gap:var(--global-kb-gap-sm, 1rem);}.kadence-column603_162d15-0b > .kt-inside-inner-col{flex-direction:column;}.kadence-column603_162d15-0b > .kt-inside-inner-col > .aligncenter{width:100%;}.kadence-column603_162d15-0b > .kt-inside-inner-col{background-color:var(--global-palette3, #1A202C);}.kadence-column603_162d15-0b > .kt-inside-inner-col:before{opacity:0.3;}.kadence-column603_162d15-0b{position:relative;}@media all and (max-width: 1024px){.kadence-column603_162d15-0b > .kt-inside-inner-col{flex-direction:column;justify-content:center;}}@media all and (max-width: 767px){.kadence-column603_162d15-0b > .kt-inside-inner-col{flex-direction:column;justify-content:center;}}<\/style>\n<div class=\"wp-block-kadence-column kadence-column603_162d15-0b\"><div class=\"kt-inside-inner-col\">\n<p class=\"has-text-align-center has-theme-palette-9-color has-text-color has-link-color has-large-font-size wp-elements-2 wp-block-paragraph\" style=\"padding-top:0;padding-bottom:0\"><strong>Cette conf\u00e9rence vous int\u00e9resse ?<\/strong><\/p>\n\n\n\n<div class=\"wp-block-buttons is-content-justification-center is-layout-flex wp-container-core-buttons-is-layout-fe48e5de wp-block-buttons-is-layout-flex\">\n<div class=\"wp-block-button\"><a class=\"wp-block-button__link has-theme-palette-3-color has-theme-palette-9-background-color has-text-color has-background has-link-color has-text-align-center wp-element-button\" href=\"https:\/\/ese.lu\/en\/demander-un-atelier\/\">Contact us<\/a><\/div>\n<\/div>\n<\/div><\/div>\n\n<\/div><\/div>\n\n\n<p class=\"wp-block-paragraph\"><\/p>","protected":false},"excerpt":{"rendered":"<p>One-hour conference on energy and climate issues <\/p>","protected":false},"featured_media":604,"template":"","meta":{"_kadence_starter_templates_imported_post":false,"_swpsp_post_exclude":false,"_kad_post_transparent":"","_kad_post_title":"","_kad_post_layout":"","_kad_post_sidebar_id":"","_kad_post_content_style":"","_kad_post_vertical_padding":"","_kad_post_feature":"","_kad_post_feature_position":"","_kad_post_header":false,"_kad_post_footer":false,"_kad_post_classname":""},"theme_atelier":[31],"age_atelier":[],"duree_atelier":[],"class_list":["post-603","atelier","type-atelier","status-publish","has-post-thumbnail","hentry","theme_atelier-conference-energie"],"yoast_head":"<!-- This site is optimized with the Yoast SEO plugin v28.4 - https:\/\/yoast.com\/product\/yoast-seo-wordpress\/ -->\n<title>Conf\u00e9rence sur l&#039;\u00e9nergie - Environment and Sustainability Education Luxembourg<\/title>\n<meta name=\"robots\" content=\"index, follow, max-snippet:-1, max-image-preview:large, max-video-preview:-1\" \/>\n<link rel=\"canonical\" href=\"https:\/\/ese.lu\/en\/atelier\/conference-sur-lenergie\/\" \/>\n<meta property=\"og:locale\" content=\"en_GB\" \/>\n<meta property=\"og:type\" content=\"article\" \/>\n<meta property=\"og:title\" content=\"Conf\u00e9rence sur l&#039;\u00e9nergie - Environment and Sustainability Education Luxembourg\" \/>\n<meta property=\"og:description\" content=\"Conf\u00e9rence d\u2019une heure sur les enjeux \u00e9nergie-climat\" \/>\n<meta property=\"og:url\" content=\"https:\/\/ese.lu\/en\/atelier\/conference-sur-lenergie\/\" \/>\n<meta property=\"og:site_name\" content=\"Environment and Sustainability Education Luxembourg\" \/>\n<meta property=\"article:publisher\" content=\"https:\/\/www.facebook.com\/eseluxembourg\" \/>\n<meta property=\"article:modified_time\" content=\"2026-08-31T13:15:46+00:00\" \/>\n<meta property=\"og:image\" content=\"https:\/\/ese.lu\/wp-content\/uploads\/2026\/08\/Minimalist-StormWater-Challenge-Banner-13-e1787754508186.png\" \/>\n\t<meta property=\"og:image:width\" content=\"1464\" \/>\n\t<meta property=\"og:image:height\" content=\"810\" \/>\n\t<meta property=\"og:image:type\" content=\"image\/png\" \/>\n<meta name=\"twitter:card\" content=\"summary_large_image\" \/>\n<meta name=\"twitter:label1\" content=\"Estimated reading time\" \/>\n\t<meta name=\"twitter:data1\" content=\"1 minute\" \/>\n<script type=\"application\/ld+json\" class=\"yoast-schema-graph\">{\"@context\":\"https:\\\/\\\/schema.org\",\"@graph\":[{\"@type\":\"WebPage\",\"@id\":\"https:\\\/\\\/ese.lu\\\/atelier\\\/conference-sur-lenergie\\\/\",\"url\":\"https:\\\/\\\/ese.lu\\\/atelier\\\/conference-sur-lenergie\\\/\",\"name\":\"Conf\u00e9rence sur l'\u00e9nergie - Environment and Sustainability Education Luxembourg\",\"isPartOf\":{\"@id\":\"https:\\\/\\\/ese.lu\\\/#website\"},\"primaryImageOfPage\":{\"@id\":\"https:\\\/\\\/ese.lu\\\/atelier\\\/conference-sur-lenergie\\\/#primaryimage\"},\"image\":{\"@id\":\"https:\\\/\\\/ese.lu\\\/atelier\\\/conference-sur-lenergie\\\/#primaryimage\"},\"thumbnailUrl\":\"https:\\\/\\\/ese.lu\\\/wp-content\\\/uploads\\\/2026\\\/08\\\/Minimalist-StormWater-Challenge-Banner-13-e1787754508186.png\",\"datePublished\":\"2026-08-26T14:27:39+00:00\",\"dateModified\":\"2026-08-31T13:15:46+00:00\",\"breadcrumb\":{\"@id\":\"https:\\\/\\\/ese.lu\\\/atelier\\\/conference-sur-lenergie\\\/#breadcrumb\"},\"inLanguage\":\"en-GB\",\"potentialAction\":[{\"@type\":\"ReadAction\",\"target\":[\"https:\\\/\\\/ese.lu\\\/atelier\\\/conference-sur-lenergie\\\/\"]}]},{\"@type\":\"ImageObject\",\"inLanguage\":\"en-GB\",\"@id\":\"https:\\\/\\\/ese.lu\\\/atelier\\\/conference-sur-lenergie\\\/#primaryimage\",\"url\":\"https:\\\/\\\/ese.lu\\\/wp-content\\\/uploads\\\/2026\\\/08\\\/Minimalist-StormWater-Challenge-Banner-13-e1787754508186.png\",\"contentUrl\":\"https:\\\/\\\/ese.lu\\\/wp-content\\\/uploads\\\/2026\\\/08\\\/Minimalist-StormWater-Challenge-Banner-13-e1787754508186.png\",\"width\":1464,\"height\":810},{\"@type\":\"BreadcrumbList\",\"@id\":\"https:\\\/\\\/ese.lu\\\/atelier\\\/conference-sur-lenergie\\\/#breadcrumb\",\"itemListElement\":[{\"@type\":\"ListItem\",\"position\":1,\"name\":\"Accueil\",\"item\":\"https:\\\/\\\/ese.lu\\\/\"},{\"@type\":\"ListItem\",\"position\":2,\"name\":\"Conf\u00e9rence sur l&rsquo;\u00e9nergie\"}]},{\"@type\":\"WebSite\",\"@id\":\"https:\\\/\\\/ese.lu\\\/#website\",\"url\":\"https:\\\/\\\/ese.lu\\\/\",\"name\":\"Environment and Sustainability Education Luxembourg\",\"description\":\"Comprendre pour agir pour l&#039;environnement\",\"publisher\":{\"@id\":\"https:\\\/\\\/ese.lu\\\/#organization\"},\"potentialAction\":[{\"@type\":\"SearchAction\",\"target\":{\"@type\":\"EntryPoint\",\"urlTemplate\":\"https:\\\/\\\/ese.lu\\\/?s={search_term_string}\"},\"query-input\":{\"@type\":\"PropertyValueSpecification\",\"valueRequired\":true,\"valueName\":\"search_term_string\"}}],\"inLanguage\":\"en-GB\"},{\"@type\":\"Organization\",\"@id\":\"https:\\\/\\\/ese.lu\\\/#organization\",\"name\":\"Environment and Sustainability Education Luxembourg\",\"url\":\"https:\\\/\\\/ese.lu\\\/\",\"logo\":{\"@type\":\"ImageObject\",\"inLanguage\":\"en-GB\",\"@id\":\"https:\\\/\\\/ese.lu\\\/#\\\/schema\\\/logo\\\/image\\\/\",\"url\":\"https:\\\/\\\/ese.lu\\\/wp-content\\\/uploads\\\/2026\\\/07\\\/cropped-ESE-Luxembourg-LOGO_new_SL-02-scaled-1.png\",\"contentUrl\":\"https:\\\/\\\/ese.lu\\\/wp-content\\\/uploads\\\/2026\\\/07\\\/cropped-ESE-Luxembourg-LOGO_new_SL-02-scaled-1.png\",\"width\":512,\"height\":512,\"caption\":\"Environment and Sustainability Education Luxembourg\"},\"image\":{\"@id\":\"https:\\\/\\\/ese.lu\\\/#\\\/schema\\\/logo\\\/image\\\/\"},\"sameAs\":[\"https:\\\/\\\/www.facebook.com\\\/eseluxembourg\",\"https:\\\/\\\/www.linkedin.com\\\/company\\\/eselu\",\"https:\\\/\\\/www.instagram.com\\\/eseluxembourg\\\/\"]}]}<\/script>\n<!-- \/ Yoast SEO plugin. -->","yoast_head_json":{"title":"Conf\u00e9rence sur l'\u00e9nergie - Environment and Sustainability Education Luxembourg","robots":{"index":"index","follow":"follow","max-snippet":"max-snippet:-1","max-image-preview":"max-image-preview:large","max-video-preview":"max-video-preview:-1"},"canonical":"https:\/\/ese.lu\/en\/atelier\/conference-sur-lenergie\/","og_locale":"en_GB","og_type":"article","og_title":"Conf\u00e9rence sur l'\u00e9nergie - Environment and Sustainability Education Luxembourg","og_description":"Conf\u00e9rence d\u2019une heure sur les enjeux \u00e9nergie-climat","og_url":"https:\/\/ese.lu\/en\/atelier\/conference-sur-lenergie\/","og_site_name":"Environment and Sustainability Education Luxembourg","article_publisher":"https:\/\/www.facebook.com\/eseluxembourg","article_modified_time":"2026-08-31T13:15:46+00:00","og_image":[{"width":1464,"height":810,"url":"https:\/\/ese.lu\/wp-content\/uploads\/2026\/08\/Minimalist-StormWater-Challenge-Banner-13-e1787754508186.png","type":"image\/png"}],"twitter_card":"summary_large_image","twitter_misc":{"Estimated reading time":"1 minute"},"schema":{"@context":"https:\/\/schema.org","@graph":[{"@type":"WebPage","@id":"https:\/\/ese.lu\/atelier\/conference-sur-lenergie\/","url":"https:\/\/ese.lu\/atelier\/conference-sur-lenergie\/","name":"Conf\u00e9rence sur l'\u00e9nergie - Environment and Sustainability Education Luxembourg","isPartOf":{"@id":"https:\/\/ese.lu\/#website"},"primaryImageOfPage":{"@id":"https:\/\/ese.lu\/atelier\/conference-sur-lenergie\/#primaryimage"},"image":{"@id":"https:\/\/ese.lu\/atelier\/conference-sur-lenergie\/#primaryimage"},"thumbnailUrl":"https:\/\/ese.lu\/wp-content\/uploads\/2026\/08\/Minimalist-StormWater-Challenge-Banner-13-e1787754508186.png","datePublished":"2026-08-26T14:27:39+00:00","dateModified":"2026-08-31T13:15:46+00:00","breadcrumb":{"@id":"https:\/\/ese.lu\/atelier\/conference-sur-lenergie\/#breadcrumb"},"inLanguage":"en-GB","potentialAction":[{"@type":"ReadAction","target":["https:\/\/ese.lu\/atelier\/conference-sur-lenergie\/"]}]},{"@type":"ImageObject","inLanguage":"en-GB","@id":"https:\/\/ese.lu\/atelier\/conference-sur-lenergie\/#primaryimage","url":"https:\/\/ese.lu\/wp-content\/uploads\/2026\/08\/Minimalist-StormWater-Challenge-Banner-13-e1787754508186.png","contentUrl":"https:\/\/ese.lu\/wp-content\/uploads\/2026\/08\/Minimalist-StormWater-Challenge-Banner-13-e1787754508186.png","width":1464,"height":810},{"@type":"BreadcrumbList","@id":"https:\/\/ese.lu\/atelier\/conference-sur-lenergie\/#breadcrumb","itemListElement":[{"@type":"ListItem","position":1,"name":"Accueil","item":"https:\/\/ese.lu\/"},{"@type":"ListItem","position":2,"name":"Conf\u00e9rence sur l&rsquo;\u00e9nergie"}]},{"@type":"WebSite","@id":"https:\/\/ese.lu\/#website","url":"https:\/\/ese.lu\/","name":"Environment and Sustainability Education Luxembourg","description":"Understanding in order to act for the environment","publisher":{"@id":"https:\/\/ese.lu\/#organization"},"potentialAction":[{"@type":"SearchAction","target":{"@type":"EntryPoint","urlTemplate":"https:\/\/ese.lu\/?s={search_term_string}"},"query-input":{"@type":"PropertyValueSpecification","valueRequired":true,"valueName":"search_term_string"}}],"inLanguage":"en-GB"},{"@type":"Organization","@id":"https:\/\/ese.lu\/#organization","name":"Environment and Sustainability Education Luxembourg","url":"https:\/\/ese.lu\/","logo":{"@type":"ImageObject","inLanguage":"en-GB","@id":"https:\/\/ese.lu\/#\/schema\/logo\/image\/","url":"https:\/\/ese.lu\/wp-content\/uploads\/2026\/07\/cropped-ESE-Luxembourg-LOGO_new_SL-02-scaled-1.png","contentUrl":"https:\/\/ese.lu\/wp-content\/uploads\/2026\/07\/cropped-ESE-Luxembourg-LOGO_new_SL-02-scaled-1.png","width":512,"height":512,"caption":"Environment and Sustainability Education Luxembourg"},"image":{"@id":"https:\/\/ese.lu\/#\/schema\/logo\/image\/"},"sameAs":["https:\/\/www.facebook.com\/eseluxembourg","https:\/\/www.linkedin.com\/company\/eselu","https:\/\/www.instagram.com\/eseluxembourg\/"]}]}},"_links":{"self":[{"href":"https:\/\/ese.lu\/en\/wp-json\/wp\/v2\/atelier\/603","targetHints":{"allow":["GET"]}}],"collection":[{"href":"https:\/\/ese.lu\/en\/wp-json\/wp\/v2\/atelier"}],"about":[{"href":"https:\/\/ese.lu\/en\/wp-json\/wp\/v2\/types\/atelier"}],"wp:featuredmedia":[{"embeddable":true,"href":"https:\/\/ese.lu\/en\/wp-json\/wp\/v2\/media\/604"}],"wp:attachment":[{"href":"https:\/\/ese.lu\/en\/wp-json\/wp\/v2\/media?parent=603"}],"wp:term":[{"taxonomy":"theme_atelier","embeddable":true,"href":"https:\/\/ese.lu\/en\/wp-json\/wp\/v2\/theme_atelier?post=603"},{"taxonomy":"age_atelier","embeddable":true,"href":"https:\/\/ese.lu\/en\/wp-json\/wp\/v2\/age_atelier?post=603"},{"taxonomy":"duree_atelier","embeddable":true,"href":"https:\/\/ese.lu\/en\/wp-json\/wp\/v2\/duree_atelier?post=603"}],"curies":[{"name":"wp","href":"https:\/\/api.w.org\/{rel}","templated":true}]}}