{"id":590,"date":"2026-08-26T13:52:42","date_gmt":"2026-08-26T13:52:42","guid":{"rendered":"https:\/\/esenew.eu\/?post_type=atelier&#038;p=590"},"modified":"2026-08-28T17:10:43","modified_gmt":"2026-08-28T17:10:43","slug":"la-marche-du-temps-profond","status":"publish","type":"atelier","link":"https:\/\/ese.lu\/en\/atelier\/la-marche-du-temps-profond\/","title":{"rendered":"The March of Deep Time"},"content":{"rendered":"<figure class=\"wp-block-image size-full is-resized\"><img loading=\"lazy\" decoding=\"async\" width=\"1233\" height=\"937\" src=\"https:\/\/ese.lu\/wp-content\/uploads\/2026\/08\/logo-5-e1787752182174.png\" alt=\"\" class=\"wp-image-591\" style=\"width:211px;height:auto\" srcset=\"https:\/\/ese.lu\/wp-content\/uploads\/2026\/08\/logo-5-e1787752182174.png 1233w, https:\/\/ese.lu\/wp-content\/uploads\/2026\/08\/logo-5-e1787752182174-300x228.png 300w, https:\/\/ese.lu\/wp-content\/uploads\/2026\/08\/logo-5-e1787752182174-1024x778.png 1024w, https:\/\/ese.lu\/wp-content\/uploads\/2026\/08\/logo-5-e1787752182174-768x584.png 768w, https:\/\/ese.lu\/wp-content\/uploads\/2026\/08\/logo-5-e1787752182174-16x12.png 16w\" sizes=\"auto, (max-width: 1233px) 100vw, 1233px\" \/><\/figure>\n\n\n<style>.kb-row-layout-id590_c6fcdc-d6 > .kt-row-column-wrap{align-content:start;}:where(.kb-row-layout-id590_c6fcdc-d6 > .kt-row-column-wrap) > .wp-block-kadence-column{justify-content:start;}.kb-row-layout-id590_c6fcdc-d6 > .kt-row-column-wrap{column-gap:var(--global-kb-gap-md, 2rem);row-gap:var(--global-kb-gap-md, 2rem);padding-top:var(--global-kb-spacing-sm, 1.5rem);padding-bottom:var(--global-kb-spacing-sm, 1.5rem);}.kb-row-layout-id590_c6fcdc-d6 > .kt-row-column-wrap > div:not(.added-for-specificity){grid-column:initial;}.kb-row-layout-id590_c6fcdc-d6 > .kt-row-column-wrap{grid-template-columns:repeat(4, minmax(0, 1fr));}.kb-row-layout-id590_c6fcdc-d6 > .kt-row-layout-overlay{opacity:0.30;}@media all and (max-width: 1024px){.kb-row-layout-id590_c6fcdc-d6 > .kt-row-column-wrap > div:not(.added-for-specificity){grid-column:initial;}}@media all and (max-width: 1024px){.kb-row-layout-id590_c6fcdc-d6 > .kt-row-column-wrap{grid-template-columns:repeat(4, minmax(0, 1fr));}}@media all and (max-width: 767px){.kb-row-layout-id590_c6fcdc-d6 > .kt-row-column-wrap > div:not(.added-for-specificity){grid-column:initial;}.kb-row-layout-id590_c6fcdc-d6 > .kt-row-column-wrap{grid-template-columns:minmax(0, 1fr);}}<\/style><div class=\"kb-row-layout-wrap kb-row-layout-id590_c6fcdc-d6 alignnone wp-block-kadence-rowlayout\"><div class=\"kt-row-column-wrap kt-has-4-columns kt-row-layout-equal kt-tab-layout-inherit kt-mobile-layout-row kt-row-valign-top\">\n<style>.kadence-column590_47045e-31 > .kt-inside-inner-col,.kadence-column590_47045e-31 > .kt-inside-inner-col:before{border-top-left-radius:0px;border-top-right-radius:0px;border-bottom-right-radius:0px;border-bottom-left-radius:0px;}.kadence-column590_47045e-31 > .kt-inside-inner-col{column-gap:var(--global-kb-gap-sm, 1rem);}.kadence-column590_47045e-31 > .kt-inside-inner-col{flex-direction:column;}.kadence-column590_47045e-31 > .kt-inside-inner-col > .aligncenter{width:100%;}.kadence-column590_47045e-31 > .kt-inside-inner-col:before{opacity:0.3;}.kadence-column590_47045e-31{position:relative;}@media all and (max-width: 1024px){.kadence-column590_47045e-31 > .kt-inside-inner-col{flex-direction:column;justify-content:center;}}@media all and (max-width: 767px){.kadence-column590_47045e-31 > .kt-inside-inner-col{flex-direction:column;justify-content:center;}}<\/style>\n<div class=\"wp-block-kadence-column kadence-column590_47045e-31\"><div class=\"kt-inside-inner-col\">\n<p class=\"has-text-align-center has-theme-palette-10-background-color has-background wp-block-paragraph\" style=\"border-top-left-radius:8px;border-top-right-radius:8px;border-bottom-left-radius:8px;border-bottom-right-radius:8px\"><strong>Duration<\/strong><br>3 hours<\/p>\n\n\n\n<p class=\"wp-block-paragraph\"><\/p>\n<\/div><\/div>\n\n\n<style>.kadence-column590_aa5fbe-2b > .kt-inside-inner-col,.kadence-column590_aa5fbe-2b > .kt-inside-inner-col:before{border-top-left-radius:0px;border-top-right-radius:0px;border-bottom-right-radius:0px;border-bottom-left-radius:0px;}.kadence-column590_aa5fbe-2b > .kt-inside-inner-col{column-gap:var(--global-kb-gap-sm, 1rem);}.kadence-column590_aa5fbe-2b > .kt-inside-inner-col{flex-direction:column;}.kadence-column590_aa5fbe-2b > .kt-inside-inner-col > .aligncenter{width:100%;}.kadence-column590_aa5fbe-2b > .kt-inside-inner-col:before{opacity:0.3;}.kadence-column590_aa5fbe-2b{position:relative;}@media all and (max-width: 1024px){.kadence-column590_aa5fbe-2b > .kt-inside-inner-col{flex-direction:column;justify-content:center;}}@media all and (max-width: 767px){.kadence-column590_aa5fbe-2b > .kt-inside-inner-col{flex-direction:column;justify-content:center;}}<\/style>\n<div class=\"wp-block-kadence-column kadence-column590_aa5fbe-2b\"><div class=\"kt-inside-inner-col\">\n<p class=\"has-text-align-center has-theme-palette-4-color has-theme-palette-10-background-color has-text-color has-background has-link-color wp-elements-1 wp-block-paragraph\" style=\"border-top-left-radius:8px;border-top-right-radius:8px;border-bottom-left-radius:8px;border-bottom-right-radius:8px\"><strong>Participants<\/strong><br>4 to 12 people<\/p>\n<\/div><\/div>\n\n\n<style>.kadence-column590_5b8673-f4 > .kt-inside-inner-col,.kadence-column590_5b8673-f4 > .kt-inside-inner-col:before{border-top-left-radius:0px;border-top-right-radius:0px;border-bottom-right-radius:0px;border-bottom-left-radius:0px;}.kadence-column590_5b8673-f4 > .kt-inside-inner-col{column-gap:var(--global-kb-gap-sm, 1rem);}.kadence-column590_5b8673-f4 > .kt-inside-inner-col{flex-direction:column;}.kadence-column590_5b8673-f4 > .kt-inside-inner-col > .aligncenter{width:100%;}.kadence-column590_5b8673-f4 > .kt-inside-inner-col:before{opacity:0.3;}.kadence-column590_5b8673-f4{position:relative;}@media all and (max-width: 1024px){.kadence-column590_5b8673-f4 > .kt-inside-inner-col{flex-direction:column;justify-content:center;}}@media all and (max-width: 767px){.kadence-column590_5b8673-f4 > .kt-inside-inner-col{flex-direction:column;justify-content:center;}}<\/style>\n<div class=\"wp-block-kadence-column kadence-column590_5b8673-f4\"><div class=\"kt-inside-inner-col\">\n<p class=\"has-text-align-center has-theme-palette-10-background-color has-background wp-block-paragraph\" style=\"border-top-left-radius:8px;border-top-right-radius:8px;border-bottom-left-radius:8px;border-bottom-right-radius:8px\"><strong>Audience<\/strong><br>Suitable for all audiences<\/p>\n<\/div><\/div>\n\n\n<style>.kadence-column590_b9bdf2-fe > .kt-inside-inner-col,.kadence-column590_b9bdf2-fe > .kt-inside-inner-col:before{border-top-left-radius:0px;border-top-right-radius:0px;border-bottom-right-radius:0px;border-bottom-left-radius:0px;}.kadence-column590_b9bdf2-fe > .kt-inside-inner-col{column-gap:var(--global-kb-gap-sm, 1rem);}.kadence-column590_b9bdf2-fe > .kt-inside-inner-col{flex-direction:column;}.kadence-column590_b9bdf2-fe > .kt-inside-inner-col > .aligncenter{width:100%;}.kadence-column590_b9bdf2-fe > .kt-inside-inner-col:before{opacity:0.3;}.kadence-column590_b9bdf2-fe{position:relative;}@media all and (max-width: 1024px){.kadence-column590_b9bdf2-fe > .kt-inside-inner-col{flex-direction:column;justify-content:center;}}@media all and (max-width: 767px){.kadence-column590_b9bdf2-fe > .kt-inside-inner-col{flex-direction:column;justify-content:center;}}<\/style>\n<div class=\"wp-block-kadence-column kadence-column590_b9bdf2-fe\"><div class=\"kt-inside-inner-col\">\n<p class=\"has-text-align-center has-theme-palette-10-background-color has-background wp-block-paragraph\" style=\"border-top-left-radius:8px;border-top-right-radius:8px;border-bottom-left-radius:8px;border-bottom-right-radius:8px\"><strong>LANGUAGES<\/strong><br>FR<\/p>\n<\/div><\/div>\n\n<\/div><\/div>\n\n\n<p class=\"wp-block-paragraph\">La Marche du Temps Profond est une exp\u00e9rience immersive qui propose de parcourir les 4,6 milliards d\u2019ann\u00e9es d\u2019histoire de la Terre \u00e0 travers une marche guid\u00e9e de 4,6 km.<\/p>\n\n\n\n<p class=\"wp-block-paragraph\">Chaque m\u00e8tre parcouru repr\u00e9sente un million d\u2019ann\u00e9es. Au fil de la marche, les participants d\u00e9couvrent les grands \u00e9v\u00e9nements qui ont marqu\u00e9 l\u2019histoire de la Terre et de la vie, \u00e0 travers 18 stations consacr\u00e9es \u00e0 des moments cl\u00e9s de cette histoire.<\/p>\n\n\n\n<p class=\"wp-block-paragraph\">Cette exp\u00e9rience invite \u00e0 prendre du recul, \u00e0 porter un autre regard sur le monde et \u00e0 r\u00e9fl\u00e9chir \u00e0 notre place au sein du vivant, tout en encourageant l\u2019action en faveur d\u2019une Terre r\u00e9g\u00e9n\u00e9ratrice.<\/p>\n\n\n\n<p class=\"wp-block-paragraph\">More information: <a href=\"https:\/\/www.deeptimewalk.org\/\">https:\/\/www.deeptimewalk.org\/<\/a><br><\/p>\n\n\n<style>.kb-row-layout-id633_057a83-da > .kt-row-column-wrap{align-content:start;}:where(.kb-row-layout-id633_057a83-da > .kt-row-column-wrap) > .wp-block-kadence-column{justify-content:start;}.kb-row-layout-id633_057a83-da > .kt-row-column-wrap{column-gap:var(--global-kb-gap-md, 2rem);row-gap:var(--global-kb-gap-md, 2rem);padding-top:var(--global-kb-spacing-sm, 1.5rem);padding-bottom:var(--global-kb-spacing-sm, 1.5rem);grid-template-columns:minmax(0, 1fr);}.kb-row-layout-id633_057a83-da > .kt-row-layout-overlay{opacity:0.30;}@media all and (max-width: 1024px){.kb-row-layout-id633_057a83-da > .kt-row-column-wrap{grid-template-columns:minmax(0, 1fr);}}@media all and (max-width: 767px){.kb-row-layout-id633_057a83-da > .kt-row-column-wrap{grid-template-columns:minmax(0, 1fr);}}<\/style><div class=\"kb-row-layout-wrap kb-row-layout-id633_057a83-da alignnone wp-block-kadence-rowlayout\"><div class=\"kt-row-column-wrap kt-has-1-columns kt-row-layout-equal kt-tab-layout-inherit kt-mobile-layout-row kt-row-valign-top\">\n<style>.kadence-column633_3bd4a3-7e > .kt-inside-inner-col{padding-top:16px;padding-bottom:16px;}.kadence-column633_3bd4a3-7e > .kt-inside-inner-col,.kadence-column633_3bd4a3-7e > .kt-inside-inner-col:before{border-top-left-radius:0px;border-top-right-radius:0px;border-bottom-right-radius:0px;border-bottom-left-radius:0px;}.kadence-column633_3bd4a3-7e > .kt-inside-inner-col{column-gap:var(--global-kb-gap-sm, 1rem);}.kadence-column633_3bd4a3-7e > .kt-inside-inner-col{flex-direction:column;}.kadence-column633_3bd4a3-7e > .kt-inside-inner-col > .aligncenter{width:100%;}.kadence-column633_3bd4a3-7e > .kt-inside-inner-col{background-color:var(--global-palette3, #1A202C);}.kadence-column633_3bd4a3-7e > .kt-inside-inner-col:before{opacity:0.3;}.kadence-column633_3bd4a3-7e{position:relative;}@media all and (max-width: 1024px){.kadence-column633_3bd4a3-7e > .kt-inside-inner-col{flex-direction:column;justify-content:center;}}@media all and (max-width: 767px){.kadence-column633_3bd4a3-7e > .kt-inside-inner-col{flex-direction:column;justify-content:center;}}<\/style>\n<div class=\"wp-block-kadence-column kadence-column633_3bd4a3-7e\"><div class=\"kt-inside-inner-col\">\n<p class=\"has-text-align-center has-theme-palette-9-color has-text-color has-link-color has-large-font-size wp-elements-2 wp-block-paragraph\" style=\"padding-top:0;padding-bottom:0\"><strong>Are you interested in this workshop?<\/strong><\/p>\n\n\n\n<div class=\"wp-block-buttons is-content-justification-center is-layout-flex wp-container-core-buttons-is-layout-fe48e5de wp-block-buttons-is-layout-flex\">\n<div class=\"wp-block-button\"><a class=\"wp-block-button__link has-theme-palette-3-color has-theme-palette-9-background-color has-text-color has-background has-link-color has-text-align-center wp-element-button\" href=\"https:\/\/ese.lu\/en\/demander-un-atelier\/\">Contact us<\/a><\/div>\n<\/div>\n<\/div><\/div>\n\n<\/div><\/div>\n\n\n<p class=\"wp-block-paragraph\"><\/p>","protected":false},"excerpt":{"rendered":"<p>A walk to rediscover the history of our planet and its key moments<\/p>","protected":false},"featured_media":591,"template":"","meta":{"_kadence_starter_templates_imported_post":false,"_swpsp_post_exclude":false,"_kad_post_transparent":"","_kad_post_title":"","_kad_post_layout":"","_kad_post_sidebar_id":"","_kad_post_content_style":"","_kad_post_vertical_padding":"","_kad_post_feature":"","_kad_post_feature_position":"","_kad_post_header":false,"_kad_post_footer":false,"_kad_post_classname":""},"theme_atelier":[28],"age_atelier":[],"duree_atelier":[],"class_list":["post-590","atelier","type-atelier","status-publish","has-post-thumbnail","hentry","theme_atelier-marche-temps-profond"],"yoast_head":"<!-- This site is optimized with the Yoast SEO plugin v28.4 - https:\/\/yoast.com\/product\/yoast-seo-wordpress\/ -->\n<title>La Marche du temps profond - Environment and Sustainability Education Luxembourg<\/title>\n<meta name=\"robots\" content=\"index, follow, max-snippet:-1, max-image-preview:large, max-video-preview:-1\" \/>\n<link rel=\"canonical\" href=\"https:\/\/ese.lu\/en\/atelier\/la-marche-du-temps-profond\/\" \/>\n<meta property=\"og:locale\" content=\"en_GB\" \/>\n<meta property=\"og:type\" content=\"article\" \/>\n<meta property=\"og:title\" content=\"La Marche du temps profond - Environment and Sustainability Education Luxembourg\" \/>\n<meta property=\"og:description\" content=\"Une marche pour red\u00e9couvrir l\u2019Histoire de notre plan\u00e8te et ses temps forts\" \/>\n<meta property=\"og:url\" content=\"https:\/\/ese.lu\/en\/atelier\/la-marche-du-temps-profond\/\" \/>\n<meta property=\"og:site_name\" content=\"Environment and Sustainability Education Luxembourg\" \/>\n<meta property=\"article:publisher\" content=\"https:\/\/www.facebook.com\/eseluxembourg\" \/>\n<meta property=\"article:modified_time\" content=\"2026-08-28T17:10:43+00:00\" \/>\n<meta property=\"og:image\" content=\"https:\/\/ese.lu\/wp-content\/uploads\/2026\/08\/logo-5-e1787752182174.png\" \/>\n\t<meta property=\"og:image:width\" content=\"1233\" \/>\n\t<meta property=\"og:image:height\" content=\"937\" \/>\n\t<meta property=\"og:image:type\" content=\"image\/png\" \/>\n<meta name=\"twitter:card\" content=\"summary_large_image\" \/>\n<meta name=\"twitter:label1\" content=\"Estimated reading time\" \/>\n\t<meta name=\"twitter:data1\" content=\"1 minute\" \/>\n<script type=\"application\/ld+json\" class=\"yoast-schema-graph\">{\"@context\":\"https:\\\/\\\/schema.org\",\"@graph\":[{\"@type\":\"WebPage\",\"@id\":\"https:\\\/\\\/ese.lu\\\/atelier\\\/la-marche-du-temps-profond\\\/\",\"url\":\"https:\\\/\\\/ese.lu\\\/atelier\\\/la-marche-du-temps-profond\\\/\",\"name\":\"La Marche du temps profond - Environment and Sustainability Education Luxembourg\",\"isPartOf\":{\"@id\":\"https:\\\/\\\/ese.lu\\\/#website\"},\"primaryImageOfPage\":{\"@id\":\"https:\\\/\\\/ese.lu\\\/atelier\\\/la-marche-du-temps-profond\\\/#primaryimage\"},\"image\":{\"@id\":\"https:\\\/\\\/ese.lu\\\/atelier\\\/la-marche-du-temps-profond\\\/#primaryimage\"},\"thumbnailUrl\":\"https:\\\/\\\/ese.lu\\\/wp-content\\\/uploads\\\/2026\\\/08\\\/logo-5-e1787752182174.png\",\"datePublished\":\"2026-08-26T13:52:42+00:00\",\"dateModified\":\"2026-08-28T17:10:43+00:00\",\"breadcrumb\":{\"@id\":\"https:\\\/\\\/ese.lu\\\/atelier\\\/la-marche-du-temps-profond\\\/#breadcrumb\"},\"inLanguage\":\"en-GB\",\"potentialAction\":[{\"@type\":\"ReadAction\",\"target\":[\"https:\\\/\\\/ese.lu\\\/atelier\\\/la-marche-du-temps-profond\\\/\"]}]},{\"@type\":\"ImageObject\",\"inLanguage\":\"en-GB\",\"@id\":\"https:\\\/\\\/ese.lu\\\/atelier\\\/la-marche-du-temps-profond\\\/#primaryimage\",\"url\":\"https:\\\/\\\/ese.lu\\\/wp-content\\\/uploads\\\/2026\\\/08\\\/logo-5-e1787752182174.png\",\"contentUrl\":\"https:\\\/\\\/ese.lu\\\/wp-content\\\/uploads\\\/2026\\\/08\\\/logo-5-e1787752182174.png\",\"width\":1233,\"height\":937},{\"@type\":\"BreadcrumbList\",\"@id\":\"https:\\\/\\\/ese.lu\\\/atelier\\\/la-marche-du-temps-profond\\\/#breadcrumb\",\"itemListElement\":[{\"@type\":\"ListItem\",\"position\":1,\"name\":\"Accueil\",\"item\":\"https:\\\/\\\/ese.lu\\\/\"},{\"@type\":\"ListItem\",\"position\":2,\"name\":\"La Marche du temps profond\"}]},{\"@type\":\"WebSite\",\"@id\":\"https:\\\/\\\/ese.lu\\\/#website\",\"url\":\"https:\\\/\\\/ese.lu\\\/\",\"name\":\"Environment and Sustainability Education Luxembourg\",\"description\":\"Comprendre pour agir pour l&#039;environnement\",\"publisher\":{\"@id\":\"https:\\\/\\\/ese.lu\\\/#organization\"},\"potentialAction\":[{\"@type\":\"SearchAction\",\"target\":{\"@type\":\"EntryPoint\",\"urlTemplate\":\"https:\\\/\\\/ese.lu\\\/?s={search_term_string}\"},\"query-input\":{\"@type\":\"PropertyValueSpecification\",\"valueRequired\":true,\"valueName\":\"search_term_string\"}}],\"inLanguage\":\"en-GB\"},{\"@type\":\"Organization\",\"@id\":\"https:\\\/\\\/ese.lu\\\/#organization\",\"name\":\"Environment and Sustainability Education Luxembourg\",\"url\":\"https:\\\/\\\/ese.lu\\\/\",\"logo\":{\"@type\":\"ImageObject\",\"inLanguage\":\"en-GB\",\"@id\":\"https:\\\/\\\/ese.lu\\\/#\\\/schema\\\/logo\\\/image\\\/\",\"url\":\"https:\\\/\\\/ese.lu\\\/wp-content\\\/uploads\\\/2026\\\/07\\\/cropped-ESE-Luxembourg-LOGO_new_SL-02-scaled-1.png\",\"contentUrl\":\"https:\\\/\\\/ese.lu\\\/wp-content\\\/uploads\\\/2026\\\/07\\\/cropped-ESE-Luxembourg-LOGO_new_SL-02-scaled-1.png\",\"width\":512,\"height\":512,\"caption\":\"Environment and Sustainability Education Luxembourg\"},\"image\":{\"@id\":\"https:\\\/\\\/ese.lu\\\/#\\\/schema\\\/logo\\\/image\\\/\"},\"sameAs\":[\"https:\\\/\\\/www.facebook.com\\\/eseluxembourg\",\"https:\\\/\\\/www.linkedin.com\\\/company\\\/eselu\",\"https:\\\/\\\/www.instagram.com\\\/eseluxembourg\\\/\"]}]}<\/script>\n<!-- \/ Yoast SEO plugin. -->","yoast_head_json":{"title":"La Marche du temps profond - Environment and Sustainability Education Luxembourg","robots":{"index":"index","follow":"follow","max-snippet":"max-snippet:-1","max-image-preview":"max-image-preview:large","max-video-preview":"max-video-preview:-1"},"canonical":"https:\/\/ese.lu\/en\/atelier\/la-marche-du-temps-profond\/","og_locale":"en_GB","og_type":"article","og_title":"La Marche du temps profond - Environment and Sustainability Education Luxembourg","og_description":"Une marche pour red\u00e9couvrir l\u2019Histoire de notre plan\u00e8te et ses temps forts","og_url":"https:\/\/ese.lu\/en\/atelier\/la-marche-du-temps-profond\/","og_site_name":"Environment and Sustainability Education Luxembourg","article_publisher":"https:\/\/www.facebook.com\/eseluxembourg","article_modified_time":"2026-08-28T17:10:43+00:00","og_image":[{"width":1233,"height":937,"url":"https:\/\/ese.lu\/wp-content\/uploads\/2026\/08\/logo-5-e1787752182174.png","type":"image\/png"}],"twitter_card":"summary_large_image","twitter_misc":{"Estimated reading time":"1 minute"},"schema":{"@context":"https:\/\/schema.org","@graph":[{"@type":"WebPage","@id":"https:\/\/ese.lu\/atelier\/la-marche-du-temps-profond\/","url":"https:\/\/ese.lu\/atelier\/la-marche-du-temps-profond\/","name":"La Marche du temps profond - Environment and Sustainability Education Luxembourg","isPartOf":{"@id":"https:\/\/ese.lu\/#website"},"primaryImageOfPage":{"@id":"https:\/\/ese.lu\/atelier\/la-marche-du-temps-profond\/#primaryimage"},"image":{"@id":"https:\/\/ese.lu\/atelier\/la-marche-du-temps-profond\/#primaryimage"},"thumbnailUrl":"https:\/\/ese.lu\/wp-content\/uploads\/2026\/08\/logo-5-e1787752182174.png","datePublished":"2026-08-26T13:52:42+00:00","dateModified":"2026-08-28T17:10:43+00:00","breadcrumb":{"@id":"https:\/\/ese.lu\/atelier\/la-marche-du-temps-profond\/#breadcrumb"},"inLanguage":"en-GB","potentialAction":[{"@type":"ReadAction","target":["https:\/\/ese.lu\/atelier\/la-marche-du-temps-profond\/"]}]},{"@type":"ImageObject","inLanguage":"en-GB","@id":"https:\/\/ese.lu\/atelier\/la-marche-du-temps-profond\/#primaryimage","url":"https:\/\/ese.lu\/wp-content\/uploads\/2026\/08\/logo-5-e1787752182174.png","contentUrl":"https:\/\/ese.lu\/wp-content\/uploads\/2026\/08\/logo-5-e1787752182174.png","width":1233,"height":937},{"@type":"BreadcrumbList","@id":"https:\/\/ese.lu\/atelier\/la-marche-du-temps-profond\/#breadcrumb","itemListElement":[{"@type":"ListItem","position":1,"name":"Accueil","item":"https:\/\/ese.lu\/"},{"@type":"ListItem","position":2,"name":"La Marche du temps profond"}]},{"@type":"WebSite","@id":"https:\/\/ese.lu\/#website","url":"https:\/\/ese.lu\/","name":"Environment and Sustainability Education Luxembourg","description":"Understanding in order to act for the environment","publisher":{"@id":"https:\/\/ese.lu\/#organization"},"potentialAction":[{"@type":"SearchAction","target":{"@type":"EntryPoint","urlTemplate":"https:\/\/ese.lu\/?s={search_term_string}"},"query-input":{"@type":"PropertyValueSpecification","valueRequired":true,"valueName":"search_term_string"}}],"inLanguage":"en-GB"},{"@type":"Organization","@id":"https:\/\/ese.lu\/#organization","name":"Environment and Sustainability Education Luxembourg","url":"https:\/\/ese.lu\/","logo":{"@type":"ImageObject","inLanguage":"en-GB","@id":"https:\/\/ese.lu\/#\/schema\/logo\/image\/","url":"https:\/\/ese.lu\/wp-content\/uploads\/2026\/07\/cropped-ESE-Luxembourg-LOGO_new_SL-02-scaled-1.png","contentUrl":"https:\/\/ese.lu\/wp-content\/uploads\/2026\/07\/cropped-ESE-Luxembourg-LOGO_new_SL-02-scaled-1.png","width":512,"height":512,"caption":"Environment and Sustainability Education Luxembourg"},"image":{"@id":"https:\/\/ese.lu\/#\/schema\/logo\/image\/"},"sameAs":["https:\/\/www.facebook.com\/eseluxembourg","https:\/\/www.linkedin.com\/company\/eselu","https:\/\/www.instagram.com\/eseluxembourg\/"]}]}},"_links":{"self":[{"href":"https:\/\/ese.lu\/en\/wp-json\/wp\/v2\/atelier\/590","targetHints":{"allow":["GET"]}}],"collection":[{"href":"https:\/\/ese.lu\/en\/wp-json\/wp\/v2\/atelier"}],"about":[{"href":"https:\/\/ese.lu\/en\/wp-json\/wp\/v2\/types\/atelier"}],"wp:featuredmedia":[{"embeddable":true,"href":"https:\/\/ese.lu\/en\/wp-json\/wp\/v2\/media\/591"}],"wp:attachment":[{"href":"https:\/\/ese.lu\/en\/wp-json\/wp\/v2\/media?parent=590"}],"wp:term":[{"taxonomy":"theme_atelier","embeddable":true,"href":"https:\/\/ese.lu\/en\/wp-json\/wp\/v2\/theme_atelier?post=590"},{"taxonomy":"age_atelier","embeddable":true,"href":"https:\/\/ese.lu\/en\/wp-json\/wp\/v2\/age_atelier?post=590"},{"taxonomy":"duree_atelier","embeddable":true,"href":"https:\/\/ese.lu\/en\/wp-json\/wp\/v2\/duree_atelier?post=590"}],"curies":[{"name":"wp","href":"https:\/\/api.w.org\/{rel}","templated":true}]}}